{"id":4963,"date":"2026-04-22T11:22:17","date_gmt":"2026-04-22T11:22:17","guid":{"rendered":"https:\/\/carnetanatole.fr\/?page_id=4963"},"modified":"2026-04-22T11:22:20","modified_gmt":"2026-04-22T11:22:20","slug":"les-prochains-rendez-vous","status":"publish","type":"page","link":"https:\/\/carnetanatole.fr\/fr_fr\/les-prochains-rendez-vous","title":{"rendered":"Les prochains rendez-vous"},"content":{"rendered":"\n<p>Les amoureux\u2e31ses du papier se comprennent\u00a0: c\u2019est toujours mieux de pouvoir feuilleter un carnet avant de l\u2019adopter\u00a0! Au cours de l&rsquo;ann\u00e9e, vous pourrez d\u00e9couvrir avec vos yeux et vos mains les cr\u00e9ations artisanales de l\u2019atelier dans plusieurs espaces physiques, soit permanents (comme les boutiques de cr\u00e9ateur\u2e31ices) ou ponctuels (en march\u00e9s, salons, festivals, \u2026).<\/p>\n\n\n\n<h3 class=\"wp-block-heading\">En ce moment&nbsp;:<\/h3>\n\n\n\n<p>Retrouvez les Carnets d\u2019Anatole dans la boutique l\u2019<strong>Embellie Cr\u00e9ative<\/strong>, au 15, rue Charles de Gaulle \u00e0 <strong>Deuil-la-Barre<\/strong> (dans le 95), <strong>en ce moment et jusqu\u2019au samedi 9 mai 2026<\/strong>.<\/p>\n\n\n\n<p>La boutique est ouverte du mardi au vendredi de 10h \u00e0 19h, et le samedi de 10h \u00e0 19h30. J\u2019y serais pr\u00e9sent le mercredi 29 avril et le jeudi 7 mai, toute la journ\u00e9e.<\/p>\n\n\n\n<p>A d\u00e9couvrir sur le stand&nbsp;: carnets, illustrations<\/p>\n\n\n\n<p>Pour en savoir plus : <a href=\"https:\/\/embelliecreative.com\/\">https:\/\/embelliecreative.com\/<\/a> <\/p>\n\n\n\n<h3 class=\"wp-block-heading\">\u00c7a se passe bient\u00f4t&nbsp;:<\/h3>\n\n\n\n<p>Rendez-vous le <strong>24 mai<\/strong> <strong>2026 <\/strong>au ch\u00e2teau de <strong>M\u00e9ry-sur-Oise<\/strong> (95), pour un festival d\u2019ambiance m\u00e9di\u00e9vale-fantasy\u00a0: <strong>M\u00e9ry Fantasy<\/strong>\u00a0!<\/p>\n\n\n\n<p>A d\u00e9couvrir sur le stand&nbsp;: carnets, grimoires, illustrations, romans<\/p>\n\n\n\n<p>Pour en savoir plus : lien et affiche \u00e0 venir !<\/p>\n\n\n\n<hr class=\"wp-block-separator has-alpha-channel-opacity\"\/>\n\n\n\n<div class=\"wp-block-media-text is-stacked-on-mobile\"><figure class=\"wp-block-media-text__media\"><img data-recalc-dims=\"1\" loading=\"lazy\" decoding=\"async\" width=\"439\" height=\"600\" data-attachment-id=\"4964\" data-permalink=\"https:\/\/carnetanatole.fr\/fr_fr\/les-prochains-rendez-vous\/imaginales-affiche-2026\" data-orig-file=\"https:\/\/i0.wp.com\/carnetanatole.fr\/wp-content\/uploads\/2026\/04\/imaginales-affiche-2026.png?fit=439%2C600&amp;ssl=1\" data-orig-size=\"439,600\" data-comments-opened=\"1\" data-image-meta=\"{&quot;aperture&quot;:&quot;0&quot;,&quot;credit&quot;:&quot;&quot;,&quot;camera&quot;:&quot;&quot;,&quot;caption&quot;:&quot;&quot;,&quot;created_timestamp&quot;:&quot;0&quot;,&quot;copyright&quot;:&quot;&quot;,&quot;focal_length&quot;:&quot;0&quot;,&quot;iso&quot;:&quot;0&quot;,&quot;shutter_speed&quot;:&quot;0&quot;,&quot;title&quot;:&quot;&quot;,&quot;orientation&quot;:&quot;0&quot;}\" data-image-title=\"imaginales-affiche-2026\" data-image-description=\"\" data-image-caption=\"\" data-large-file=\"https:\/\/i0.wp.com\/carnetanatole.fr\/wp-content\/uploads\/2026\/04\/imaginales-affiche-2026.png?fit=439%2C600&amp;ssl=1\" src=\"https:\/\/i0.wp.com\/carnetanatole.fr\/wp-content\/uploads\/2026\/04\/imaginales-affiche-2026.png?resize=439%2C600&#038;ssl=1\" alt=\"\" class=\"wp-image-4964 size-full\" srcset=\"https:\/\/i0.wp.com\/carnetanatole.fr\/wp-content\/uploads\/2026\/04\/imaginales-affiche-2026.png?w=439&amp;ssl=1 439w, https:\/\/i0.wp.com\/carnetanatole.fr\/wp-content\/uploads\/2026\/04\/imaginales-affiche-2026.png?resize=220%2C300&amp;ssl=1 220w, https:\/\/i0.wp.com\/carnetanatole.fr\/wp-content\/uploads\/2026\/04\/imaginales-affiche-2026.png?resize=9%2C12&amp;ssl=1 9w\" sizes=\"auto, (max-width: 439px) 100vw, 439px\" \/><\/figure><div class=\"wp-block-media-text__content\">\n<p>Je serai pr\u00e9sent en tant qu\u2019auteur aux <strong>Imaginales<\/strong>, qui ont lieu <strong>du 28-31 mai \u00e0 Epinal<\/strong> (dates de pr\u00e9sence \u00e0 confirmer), sur le stand de JS \u00e9ditions. Si je n\u2019aurais pas de carnets sur moi, \u00e7a peut \u00eatre une occasion de discuter de vos projets de vive voix ou de r\u00e9cup\u00e9rer une commande personnalis\u00e9e en main propre. Pour en savoir plus sur les commandes personnalis\u00e9es :<\/p>\n\n\n\n<div class=\"wp-block-buttons is-layout-flex wp-block-buttons-is-layout-flex\">\n<div class=\"wp-block-button\"><a class=\"wp-block-button__link has-background wp-element-button\" href=\"https:\/\/carnetanatole.fr\/les-carnets-personnalises\" style=\"background-color:#59d811\">Je commande mon carnet !<\/a><\/div>\n<\/div>\n\n\n\n<p>A d\u00e9couvrir sur le stand&nbsp;: romans<\/p>\n\n\n\n<p>Pour en savoir plus : <a href=\"https:\/\/www.imaginales.fr\/\">https:\/\/www.imaginales.fr\/<\/a><\/p>\n<\/div><\/div>\n\n\n\n<hr class=\"wp-block-separator has-alpha-channel-opacity\"\/>\n\n\n\n<p>Apr\u00e8s l\u2019Embellie Cr\u00e9ative, les Carnets d\u2019Anatole d\u00e9m\u00e9nagent \u00e0 <strong>Pontoise<\/strong>, dans <strong>Ma Jolie Boutique<\/strong> au 23 rue de l\u2019H\u00f4tel de Ville, <strong>\u00e0 partir du 1 juin et jusqu\u2019au 14 ao\u00fbt<\/strong>.<\/p>\n\n\n\n<p>A d\u00e9couvrir sur le stand&nbsp;: carnets, illustrations<\/p>\n\n\n\n<p>Pour en savoir plus : <a href=\"https:\/\/www.facebook.com\/majolieboutique95\/\">Page Facebook de la boutique<\/a>, <a href=\"https:\/\/www.instagram.com\/majolieboutique95\/\">Page Instagram de la boutique<\/a><\/p>\n\n\n\n<h3 class=\"wp-block-heading\">Un peu plus tard dans l\u2019agenda&nbsp;:<\/h3>\n\n\n\n<p>Le 6 juin au Salon du livre de la m\u00e9diath\u00e8que de Montmagny (95)<\/p>\n\n\n\n<p>Les 12 et 13 septembre lors du March\u00e9 des Cr\u00e9ateurs de l\u2019Isle-Adam (95)<\/p>\n\n\n\n<hr class=\"wp-block-separator has-alpha-channel-opacity\"\/>\n\n\n\n<p>Vous souhaitez inviter les Carnets d\u2019Anatole \u00e0 participer \u00e0 un \u00e9v\u00e8nement&nbsp;? Envoyez les informations et modalit\u00e9s d\u2019exposition \u00e0&nbsp;: anatole@carnetanatole.fr<\/p>\n\n\n\n<p>Quelques liens utiles&nbsp;:<\/p>\n\n\n\n<p>&#8211; pour d\u00e9couvrir le travail de l\u2019atelier en un coup d\u2019oeil\u00a0: <a href=\"https:\/\/carnetanatole.fr\/le-portfolio\" type=\"page\" id=\"4961\">explorer le portfolio<\/a><\/p>\n\n\n\n<p>&#8211; pour adopter un carnet directement sur la boutique en ligne\u00a0: \u00e0 venir !<\/p>\n\n\n\n<p>&#8211; pour une commande personnalis\u00e9e\u00a0: <a href=\"https:\/\/carnetanatole.fr\/les-carnets-personnalises\" type=\"page\" id=\"4959\">d\u00e9couvrir les options sur-mesure<\/a><\/p>\n","protected":false},"excerpt":{"rendered":"<p>Les amoureux\u2e31ses du papier se comprennent\u00a0: c\u2019est toujours mieux de pouvoir feuilleter un carnet avant de l\u2019adopter\u00a0! Au cours de l&rsquo;ann\u00e9e, vous pourrez d\u00e9couvrir avec vos yeux et vos mains les cr\u00e9ations artisanales de l\u2019atelier dans plusieurs espaces physiques, soit permanents (comme les boutiques de cr\u00e9ateur\u2e31ices) ou ponctuels (en march\u00e9s, salons, festivals, \u2026). En ce [&hellip;]<\/p>\n","protected":false},"author":1,"featured_media":0,"parent":0,"menu_order":0,"comment_status":"closed","ping_status":"closed","template":"","meta":{"_monsterinsights_skip_tracking":false,"_monsterinsights_sitenote_active":false,"_monsterinsights_sitenote_note":"","_monsterinsights_sitenote_category":0,"jetpack_post_was_ever_published":false,"footnotes":"","_links_to":"","_links_to_target":""},"class_list":["post-4963","page","type-page","status-publish","hentry"],"yoast_head":"<!-- This site is optimized with the Yoast SEO plugin v27.5 - https:\/\/yoast.com\/product\/yoast-seo-wordpress\/ -->\n<title>Les prochains rendez-vous - Les Carnets d&#039;Anatole<\/title>\n<meta name=\"robots\" content=\"index, follow, max-snippet:-1, max-image-preview:large, max-video-preview:-1\" \/>\n<link rel=\"canonical\" href=\"https:\/\/carnetanatole.fr\/fr_fr\/les-prochains-rendez-vous\/\" \/>\n<meta property=\"og:locale\" content=\"fr_FR\" \/>\n<meta property=\"og:type\" content=\"article\" \/>\n<meta property=\"og:title\" content=\"Les prochains rendez-vous - Les Carnets d&#039;Anatole\" \/>\n<meta property=\"og:description\" content=\"Les amoureux\u2e31ses du papier se comprennent\u00a0: c\u2019est toujours mieux de pouvoir feuilleter un carnet avant de l\u2019adopter\u00a0! Au cours de l&rsquo;ann\u00e9e, vous pourrez d\u00e9couvrir avec vos yeux et vos mains les cr\u00e9ations artisanales de l\u2019atelier dans plusieurs espaces physiques, soit permanents (comme les boutiques de cr\u00e9ateur\u2e31ices) ou ponctuels (en march\u00e9s, salons, festivals, \u2026). En ce [&hellip;]\" \/>\n<meta property=\"og:url\" content=\"https:\/\/carnetanatole.fr\/fr_fr\/les-prochains-rendez-vous\/\" \/>\n<meta property=\"og:site_name\" content=\"Les Carnets d&#039;Anatole\" \/>\n<meta property=\"article:modified_time\" content=\"2026-04-22T11:22:20+00:00\" \/>\n<meta property=\"og:image\" content=\"https:\/\/carnetanatole.fr\/wp-content\/uploads\/2026\/04\/imaginales-affiche-2026.png\" \/>\n<meta name=\"twitter:card\" content=\"summary_large_image\" \/>\n<meta name=\"twitter:label1\" content=\"Dur\u00e9e de lecture estim\u00e9e\" \/>\n\t<meta name=\"twitter:data1\" content=\"3 minutes\" \/>\n<script type=\"application\/ld+json\" class=\"yoast-schema-graph\">{\"@context\":\"https:\\\/\\\/schema.org\",\"@graph\":[{\"@type\":\"WebPage\",\"@id\":\"https:\\\/\\\/carnetanatole.fr\\\/les-prochains-rendez-vous\",\"url\":\"https:\\\/\\\/carnetanatole.fr\\\/les-prochains-rendez-vous\",\"name\":\"Les prochains rendez-vous - Les Carnets d&#039;Anatole\",\"isPartOf\":{\"@id\":\"https:\\\/\\\/carnetanatole.fr\\\/#website\"},\"primaryImageOfPage\":{\"@id\":\"https:\\\/\\\/carnetanatole.fr\\\/les-prochains-rendez-vous#primaryimage\"},\"image\":{\"@id\":\"https:\\\/\\\/carnetanatole.fr\\\/les-prochains-rendez-vous#primaryimage\"},\"thumbnailUrl\":\"https:\\\/\\\/carnetanatole.fr\\\/wp-content\\\/uploads\\\/2026\\\/04\\\/imaginales-affiche-2026.png\",\"datePublished\":\"2026-04-22T11:22:17+00:00\",\"dateModified\":\"2026-04-22T11:22:20+00:00\",\"breadcrumb\":{\"@id\":\"https:\\\/\\\/carnetanatole.fr\\\/les-prochains-rendez-vous#breadcrumb\"},\"inLanguage\":\"fr-FR\",\"potentialAction\":[{\"@type\":\"ReadAction\",\"target\":[\"https:\\\/\\\/carnetanatole.fr\\\/les-prochains-rendez-vous\"]}]},{\"@type\":\"ImageObject\",\"inLanguage\":\"fr-FR\",\"@id\":\"https:\\\/\\\/carnetanatole.fr\\\/les-prochains-rendez-vous#primaryimage\",\"url\":\"https:\\\/\\\/carnetanatole.fr\\\/wp-content\\\/uploads\\\/2026\\\/04\\\/imaginales-affiche-2026.png\",\"contentUrl\":\"https:\\\/\\\/carnetanatole.fr\\\/wp-content\\\/uploads\\\/2026\\\/04\\\/imaginales-affiche-2026.png\"},{\"@type\":\"BreadcrumbList\",\"@id\":\"https:\\\/\\\/carnetanatole.fr\\\/les-prochains-rendez-vous#breadcrumb\",\"itemListElement\":[{\"@type\":\"ListItem\",\"position\":1,\"name\":\"Accueil\",\"item\":\"https:\\\/\\\/carnetanatole.fr\\\/\"},{\"@type\":\"ListItem\",\"position\":2,\"name\":\"Les prochains rendez-vous\"}]},{\"@type\":\"WebSite\",\"@id\":\"https:\\\/\\\/carnetanatole.fr\\\/#website\",\"url\":\"https:\\\/\\\/carnetanatole.fr\\\/\",\"name\":\"Les Carnets d&#039;Anatole\",\"description\":\"Grimoires, carnets, et illustrations\",\"publisher\":{\"@id\":\"https:\\\/\\\/carnetanatole.fr\\\/#organization\"},\"potentialAction\":[{\"@type\":\"SearchAction\",\"target\":{\"@type\":\"EntryPoint\",\"urlTemplate\":\"https:\\\/\\\/carnetanatole.fr\\\/?s={search_term_string}\"},\"query-input\":{\"@type\":\"PropertyValueSpecification\",\"valueRequired\":true,\"valueName\":\"search_term_string\"}}],\"inLanguage\":\"fr-FR\"},{\"@type\":\"Organization\",\"@id\":\"https:\\\/\\\/carnetanatole.fr\\\/#organization\",\"name\":\"Les Carnets d&#039;Anatole\",\"url\":\"https:\\\/\\\/carnetanatole.fr\\\/\",\"logo\":{\"@type\":\"ImageObject\",\"inLanguage\":\"fr-FR\",\"@id\":\"https:\\\/\\\/carnetanatole.fr\\\/#\\\/schema\\\/logo\\\/image\\\/\",\"url\":\"https:\\\/\\\/i0.wp.com\\\/carnetanatole.fr\\\/wp-content\\\/uploads\\\/2025\\\/04\\\/Illustration95-2-scaled.png?fit=2560%2C2560&ssl=1\",\"contentUrl\":\"https:\\\/\\\/i0.wp.com\\\/carnetanatole.fr\\\/wp-content\\\/uploads\\\/2025\\\/04\\\/Illustration95-2-scaled.png?fit=2560%2C2560&ssl=1\",\"width\":2560,\"height\":2560,\"caption\":\"Les Carnets d&#039;Anatole\"},\"image\":{\"@id\":\"https:\\\/\\\/carnetanatole.fr\\\/#\\\/schema\\\/logo\\\/image\\\/\"}}]}<\/script>\n<!-- \/ Yoast SEO plugin. -->","yoast_head_json":{"title":"Les prochains rendez-vous - Les Carnets d&#039;Anatole","robots":{"index":"index","follow":"follow","max-snippet":"max-snippet:-1","max-image-preview":"max-image-preview:large","max-video-preview":"max-video-preview:-1"},"canonical":"https:\/\/carnetanatole.fr\/fr_fr\/les-prochains-rendez-vous\/","og_locale":"fr_FR","og_type":"article","og_title":"Les prochains rendez-vous - Les Carnets d&#039;Anatole","og_description":"Les amoureux\u2e31ses du papier se comprennent\u00a0: c\u2019est toujours mieux de pouvoir feuilleter un carnet avant de l\u2019adopter\u00a0! Au cours de l&rsquo;ann\u00e9e, vous pourrez d\u00e9couvrir avec vos yeux et vos mains les cr\u00e9ations artisanales de l\u2019atelier dans plusieurs espaces physiques, soit permanents (comme les boutiques de cr\u00e9ateur\u2e31ices) ou ponctuels (en march\u00e9s, salons, festivals, \u2026). En ce [&hellip;]","og_url":"https:\/\/carnetanatole.fr\/fr_fr\/les-prochains-rendez-vous\/","og_site_name":"Les Carnets d&#039;Anatole","article_modified_time":"2026-04-22T11:22:20+00:00","og_image":[{"url":"https:\/\/carnetanatole.fr\/wp-content\/uploads\/2026\/04\/imaginales-affiche-2026.png","type":"","width":"","height":""}],"twitter_card":"summary_large_image","twitter_misc":{"Dur\u00e9e de lecture estim\u00e9e":"3 minutes"},"schema":{"@context":"https:\/\/schema.org","@graph":[{"@type":"WebPage","@id":"https:\/\/carnetanatole.fr\/les-prochains-rendez-vous","url":"https:\/\/carnetanatole.fr\/les-prochains-rendez-vous","name":"Les prochains rendez-vous - Les Carnets d&#039;Anatole","isPartOf":{"@id":"https:\/\/carnetanatole.fr\/#website"},"primaryImageOfPage":{"@id":"https:\/\/carnetanatole.fr\/les-prochains-rendez-vous#primaryimage"},"image":{"@id":"https:\/\/carnetanatole.fr\/les-prochains-rendez-vous#primaryimage"},"thumbnailUrl":"https:\/\/carnetanatole.fr\/wp-content\/uploads\/2026\/04\/imaginales-affiche-2026.png","datePublished":"2026-04-22T11:22:17+00:00","dateModified":"2026-04-22T11:22:20+00:00","breadcrumb":{"@id":"https:\/\/carnetanatole.fr\/les-prochains-rendez-vous#breadcrumb"},"inLanguage":"fr-FR","potentialAction":[{"@type":"ReadAction","target":["https:\/\/carnetanatole.fr\/les-prochains-rendez-vous"]}]},{"@type":"ImageObject","inLanguage":"fr-FR","@id":"https:\/\/carnetanatole.fr\/les-prochains-rendez-vous#primaryimage","url":"https:\/\/carnetanatole.fr\/wp-content\/uploads\/2026\/04\/imaginales-affiche-2026.png","contentUrl":"https:\/\/carnetanatole.fr\/wp-content\/uploads\/2026\/04\/imaginales-affiche-2026.png"},{"@type":"BreadcrumbList","@id":"https:\/\/carnetanatole.fr\/les-prochains-rendez-vous#breadcrumb","itemListElement":[{"@type":"ListItem","position":1,"name":"Accueil","item":"https:\/\/carnetanatole.fr\/"},{"@type":"ListItem","position":2,"name":"Les prochains rendez-vous"}]},{"@type":"WebSite","@id":"https:\/\/carnetanatole.fr\/#website","url":"https:\/\/carnetanatole.fr\/","name":"Les Carnets d&#039;Anatole","description":"Grimoires, carnets, et illustrations","publisher":{"@id":"https:\/\/carnetanatole.fr\/#organization"},"potentialAction":[{"@type":"SearchAction","target":{"@type":"EntryPoint","urlTemplate":"https:\/\/carnetanatole.fr\/?s={search_term_string}"},"query-input":{"@type":"PropertyValueSpecification","valueRequired":true,"valueName":"search_term_string"}}],"inLanguage":"fr-FR"},{"@type":"Organization","@id":"https:\/\/carnetanatole.fr\/#organization","name":"Les Carnets d&#039;Anatole","url":"https:\/\/carnetanatole.fr\/","logo":{"@type":"ImageObject","inLanguage":"fr-FR","@id":"https:\/\/carnetanatole.fr\/#\/schema\/logo\/image\/","url":"https:\/\/i0.wp.com\/carnetanatole.fr\/wp-content\/uploads\/2025\/04\/Illustration95-2-scaled.png?fit=2560%2C2560&ssl=1","contentUrl":"https:\/\/i0.wp.com\/carnetanatole.fr\/wp-content\/uploads\/2025\/04\/Illustration95-2-scaled.png?fit=2560%2C2560&ssl=1","width":2560,"height":2560,"caption":"Les Carnets d&#039;Anatole"},"image":{"@id":"https:\/\/carnetanatole.fr\/#\/schema\/logo\/image\/"}}]}},"jetpack_sharing_enabled":true,"jetpack_shortlink":"https:\/\/wp.me\/PaqFPH-1i3","_links":{"self":[{"href":"https:\/\/carnetanatole.fr\/fr_fr\/wp-json\/wp\/v2\/pages\/4963","targetHints":{"allow":["GET"]}}],"collection":[{"href":"https:\/\/carnetanatole.fr\/fr_fr\/wp-json\/wp\/v2\/pages"}],"about":[{"href":"https:\/\/carnetanatole.fr\/fr_fr\/wp-json\/wp\/v2\/types\/page"}],"author":[{"embeddable":true,"href":"https:\/\/carnetanatole.fr\/fr_fr\/wp-json\/wp\/v2\/users\/1"}],"replies":[{"embeddable":true,"href":"https:\/\/carnetanatole.fr\/fr_fr\/wp-json\/wp\/v2\/comments?post=4963"}],"version-history":[{"count":1,"href":"https:\/\/carnetanatole.fr\/fr_fr\/wp-json\/wp\/v2\/pages\/4963\/revisions"}],"predecessor-version":[{"id":4965,"href":"https:\/\/carnetanatole.fr\/fr_fr\/wp-json\/wp\/v2\/pages\/4963\/revisions\/4965"}],"wp:attachment":[{"href":"https:\/\/carnetanatole.fr\/fr_fr\/wp-json\/wp\/v2\/media?parent=4963"}],"curies":[{"name":"wp","href":"https:\/\/api.w.org\/{rel}","templated":true}]}}